{"id":835,"date":"2018-10-12T11:27:55","date_gmt":"2018-10-12T08:27:55","guid":{"rendered":"http:\/\/www.alierenus.com\/alierenus\/?page_id=835"},"modified":"2025-11-26T17:16:54","modified_gmt":"2025-11-26T14:16:54","slug":"ozgecmis","status":"publish","type":"page","link":"https:\/\/www.alierenus.com\/alierenus\/ozgecmis","title":{"rendered":"\u00d6ZGE\u00c7M\u0130\u015e"},"content":{"rendered":"<div class=\"wpb-content-wrapper\"><p>[vc_row iron_row_type=&#8221;in_container&#8221; iron_remove_padding_medium=&#8221;&#8221; iron_remove_padding_small=&#8221;&#8221; iron_overlay_pattern=&#8221;&#8221; iron_parallax=&#8221;&#8221; iron_bg_video=&#8221;&#8221;][vc_column][vc_message message_box_color=&#8221;grey&#8221; icon_type=&#8221;entypo&#8221; css_animation=&#8221;fadeInDown&#8221; icon_entypo=&#8221;&#8221;]<\/p>\n<h1 style=\"text-align: center;\">\u00d6ZGE\u00c7M\u0130\u015e<\/h1>\n<p>[\/vc_message][\/vc_column][\/vc_row][vc_row iron_row_type=&#8221;in_container&#8221; iron_remove_padding_medium=&#8221;&#8221; iron_remove_padding_small=&#8221;&#8221; iron_overlay_pattern=&#8221;&#8221; iron_parallax=&#8221;&#8221; iron_bg_video=&#8221;&#8221;][vc_column][vc_column_text]\u0130stanbul do\u011fumlu Ali Erenus, ortaokul ve lise e\u011fitimini Galatasaray Lisesi\u2019nde tamamlad\u0131. Bu y\u0131llarda \u00e7e\u015fitli gruplarla sahne \u00e7al\u0131\u015fmalar\u0131 yapt\u0131, yar\u0131\u015fmalara kat\u0131ld\u0131 ve \u00f6d\u00fcller ald\u0131.<br \/>\nBilkent M\u00fczik ve Sahne Sanatlar\u0131 Fak\u00fcltesi, Klasik \u015ean B\u00f6l\u00fcm\u00fc\u2019nde ald\u0131\u011f\u0131 e\u011fitimle beraber, m\u00fczikle daha profesyonel anlamda ilgilenmeye ba\u015flad\u0131.<br \/>\nAnkara Frans\u0131z K\u00fclt\u00fcr Merkezi\u2019nin organizasyonuyla solo konserler verdi. Kendi kurdu\u011fu, \u201cFat-Boys\u201d grubuyla Ankara\u2019da, \u00e7e\u015fitli \u00fcniversite festivallerine kat\u0131ld\u0131, konserler verdi.<br \/>\n1994 y\u0131l\u0131nda piyasaya \u00e7\u0131kan \u201cBir \u00c7i\u00e7ek Y\u0131l\u0131 Sonra\u201d adl\u0131, karma solistlerin performans g\u00f6sterdi\u011fi alb\u00fcmde, \u201cG\u00fcnayd\u0131n Sabah\u201d adl\u0131 par\u00e7ay\u0131 seslendirdi. \u00c7e\u015fitli sanat\u00e7\u0131lara beste ve s\u00f6zlerini verdi, baz\u0131 \u00f6zel radyolar\u0131n, spor kul\u00fcplerinin \u201cjingle\u201d lar\u0131n\u0131 haz\u0131rlad\u0131. TRT i\u00e7in yap\u0131lan \u201cDemiryollar\u0131\u201d belgeselinin \u00f6zg\u00fcn m\u00fcziklerini grubuyla beraber haz\u0131rlay\u0131p seslendirdi. 2000 ve 2001 y\u0131llar\u0131nda, \u0130stanbul\u2019da d\u00fczenlenen \u201cAvrupa M\u00fczik Festivali\u201dne, 2004 y\u0131l\u0131nda \u201cPera M\u00fczik Festivali\u201d ne kat\u0131ld\u0131. Solisti oldu\u011fu \u201cI\u015f\u0131\u011f\u0131n Yans\u0131mas\u0131\u201d rock grubuyla, \u201cBirdenbire\u201d, \u201cRaylar\u0131n \u0130zinde\u201d, \u201cNerde Ellerin\u201d, \u201c\u015eimdi Yeni \u015eeyler S\u00f6ylemek Laz\u0131m\u201d alb\u00fcmlerini seslendirdi.<br \/>\n2005 y\u0131l\u0131nda m\u00fczik hayatlar\u0131na Galatasaray Lisesi\u2019nde ba\u015flam\u0131\u015f m\u00fczisyenlerin \u00e7\u0131kard\u0131\u011f\u0131 \u201cKarmakar\u0131\u015f\u0131k\u201d alb\u00fcm\u00fcne, s\u00f6z ve m\u00fczi\u011fini yaz\u0131p seslendirdi\u011fi \u201cBen \u00d6l\u00fcmden Korkarken\u201d adl\u0131 \u015fark\u0131s\u0131yla kat\u0131ld\u0131.<br \/>\n2005-2022 y\u0131llar\u0131 aras\u0131nda \u201cEnbe Orkestras\u0131\u201dn\u0131n solistli\u011fini yapan Ali Erenus, bu s\u00fcre zarf\u0131nda yakla\u015f\u0131k 3000 kadar davet, Tv program\u0131 ve organizasyonda performans sergiledi. 2008 y\u0131l\u0131nda yay\u0131nlanan \u201cEnbe Orkestras\u0131\u201d alb\u00fcm\u00fcnde \u201cNotre Dame De Paris\u201d m\u00fczikalinden \u201cBelle\u201d adl\u0131 \u015fark\u0131y\u0131, 2010 y\u0131l\u0131 sonunda yay\u0131nlanan \u201cKalbim\u201d adl\u0131 Enbe Orkestras\u0131 alb\u00fcm\u00fcnde ise \u201cDo\u011fum G\u00fcn\u00fcn Kutlu Olsun\u201d adl\u0131 \u015fark\u0131y\u0131 seslendirdi.<br \/>\n2016 y\u0131l\u0131nda TRT i\u00e7in &#8220;Ali Erenus&#8217;la Aranjmanlar&#8221; program\u0131n\u0131 haz\u0131rlad\u0131 ve 1 y\u0131l boyunca her hafta canl\u0131 performansla yay\u0131nlanan program\u0131n yap\u0131mc\u0131l\u0131\u011f\u0131n\u0131, sunuculu\u011funu ve solistli\u011fini \u00fcstlendi.<br \/>\n2017 y\u0131l\u0131ndan ba\u015flayarak 3 y\u0131l boyunca, Milli E\u011fitim Bakanl\u0131\u011f\u0131 &#8220;\u00d6\u011fretmen Akademileri&#8221; projesi kapsam\u0131nda \u00f6\u011fretmenlere seminerler ve konserler verdi.<br \/>\n2016 y\u0131l\u0131ndan g\u00fcn\u00fcm\u00fcze kadar &#8220;Ali Erenus&#8217;la Aranjmanlar&#8221; projesini, onlarca kez konser olarak \u00e7e\u015fitli mekanlarda sergiledi, sergilemeye devam etmektedir.<br \/>\n2016 y\u0131l\u0131ndan bug\u00fcne, &#8220;Jacques Brel&#8221;, &#8220;Mona Lisa&#8221;, &#8220;GDO&#8217;suz \u015eark\u0131lar&#8221; gibi tematik sunumlar yapmakta, workshoplar, at\u00f6lye \u00e7al\u0131\u015fmalar\u0131 y\u00fcr\u00fctmektedir.<br \/>\n2023 y\u0131l\u0131ndan bug\u00fcne, M\u00fcjdat Gezen Sanat Merkezi\u2019nde \u015ean ve Ses E\u011fitmenli\u011fi g\u00f6revine devam etmektedir.<\/p>\n<p>YURT DI\u015eI KONSERLER<br \/>\n<strong>Almanya:<\/strong> K\u00f6ln, Berlin, Stuttgart, Hamburg, D\u00fcseldorf<br \/>\n<strong>Fransa:<\/strong> Paris, Lyon<br \/>\n<strong>\u0130svi\u00e7re:<\/strong> Z\u00fcrich, Basel<br \/>\n<strong>Hollanda:<\/strong> Amsterdam<br \/>\n<strong>Singapur:<\/strong> T\u00fcrk B\u00fcy\u00fckel\u00e7ili\u011fi taraf\u0131ndan d\u00fczenlenen\u201cT\u00fcrk Haftas\u0131\u201d konserleri<br \/>\n<strong>Romanya:<\/strong> B\u00fckre\u015f, Hunedoara ve Aiud \u015fehirlerinde \u201cInter-Art Foundation\u201d konserleri<br \/>\n<strong>Rusya:<\/strong> Moskova<br \/>\n<strong>Azerbaycan:<\/strong> Bak\u00fc<br \/>\n<strong>Kazakistan:<\/strong> Astana<\/p>\n<p>D\u00dcZENL\u0130 SAHNELER<br \/>\n<strong>\u0130stanbul:<\/strong> Malibu, Tiendes, Galatasarayl\u0131lar Cemiyeti, \u015eamson, Home Jardin, Cartoon, Korukent Jazz Bar, Adress, Cat-walk, Assos, Podyum, Safari, Demode, Zihni, Ortak\u00f6y Y\u00fczme \u0130htisas Kul\u00fcb\u00fc, Park Orman, Hammam, Sultani, Chez Sakman, Cafe De La Place, Eyl\u00fcl, Balcon, Caprice, Chane<br \/>\n<strong>Ankara:<\/strong> No-Name, Replik, On, On\u00fc\u00e7, T-Shirt, Club Zor, Time-Out, Salata<br \/>\n<strong>Antalya:<\/strong> Budha Bar, Mr. White, Antalya Otel, Club Lou Lou<br \/>\n<strong>Bodrum:<\/strong> Samim\u2019s, Cities<br \/>\n<strong>Uluda\u011f:<\/strong> B\u00fcy\u00fck Otel<\/p>\n<p>ARTI<br \/>\nAli Erenus, kendi multimedya \u00fcretim \u015firketi olan Alora Production (<a href=\"https:\/\/www.aloraproduction.com\/\" target=\"_blank\" rel=\"noopener\">www.aloraproduction.com<\/a>) vas\u0131tas\u0131yla,<\/p>\n<ul>\n<li>Ki\u015fi ve kurumlar i\u00e7in sosyal medya i\u00e7erikleri \u00fcretmekte,<\/li>\n<li>Mekanlar\u0131n 360 derecelik sanal turlar\u0131n\u0131 olu\u015fturmakta,<\/li>\n<li>Etkinlik, ki\u015fi ve sahne foto\u011fraflar\u0131 \u00e7ekmekte,<\/li>\n<li>\u0130nternet siteleri i\u00e7in dizayn ve bar\u0131nd\u0131rma hizmeti vermekte,<\/li>\n<li>Ki\u015fi ve kurumlara tan\u0131t\u0131m videolar\u0131, jinglelar haz\u0131rlamakta,<\/li>\n<li>Ticari drone ehliyetine sahip olup, hava video ve foto\u011fraf\u00e7\u0131l\u0131\u011f\u0131 yapmaktad\u0131r.<\/li>\n<\/ul>\n<p>[\/vc_column_text][vc_empty_space height=&#8221;20px&#8221;][\/vc_column][\/vc_row]<\/p>\n<\/div>","protected":false},"excerpt":{"rendered":"<p>[vc_row iron_row_type=&#8221;in_container&#8221; iron_remove_padding_medium=&#8221;&#8221; iron_remove_padding_small=&#8221;&#8221; iron_overlay_pattern=&#8221;&#8221; iron_parallax=&#8221;&#8221; iron_bg_video=&#8221;&#8221;][vc_column][vc_message message_box_color=&#8221;grey&#8221; icon_type=&#8221;entypo&#8221; css_animation=&#8221;fadeInDown&#8221; icon_entypo=&#8221;&#8221;] \u00d6ZGE\u00c7M\u0130\u015e [\/vc_message][\/vc_column][\/vc_row][vc_row iron_row_type=&#8221;in_container&#8221; iron_remove_padding_medium=&#8221;&#8221; iron_remove_padding_small=&#8221;&#8221; iron_overlay_pattern=&#8221;&#8221; iron_parallax=&#8221;&#8221; iron_bg_video=&#8221;&#8221;][vc_column][vc_column_text]\u0130stanbul do\u011fumlu Ali Erenus, ortaokul ve lise e\u011fitimini Galatasaray Lisesi\u2019nde tamamlad\u0131. Bu y\u0131llarda \u00e7e\u015fitli gruplarla sahne \u00e7al\u0131\u015fmalar\u0131 yapt\u0131, yar\u0131\u015fmalara kat\u0131ld\u0131 ve \u00f6d\u00fcller ald\u0131. Bilkent M\u00fczik ve Sahne Sanatlar\u0131 Fak\u00fcltesi, Klasik \u015ean B\u00f6l\u00fcm\u00fc\u2019nde ald\u0131\u011f\u0131 e\u011fitimle beraber, m\u00fczikle daha profesyonel anlamda ilgilenmeye ba\u015flad\u0131. Ankara Frans\u0131z K\u00fclt\u00fcr Merkezi\u2019nin organizasyonuyla solo konserler verdi. Kendi kurdu\u011fu, \u201cFat-Boys\u201d grubuyla Ankara\u2019da, \u00e7e\u015fitli \u00fcniversite festivallerine kat\u0131ld\u0131, konserler verdi. 1994 y\u0131l\u0131nda [&hellip;]<\/p>\n","protected":false},"author":1,"featured_media":0,"parent":0,"menu_order":0,"comment_status":"closed","ping_status":"closed","template":"","meta":{"_acf_changed":false,"footnotes":""},"class_list":["post-835","page","type-page","status-publish","hentry"],"acf":[],"yoast_head":"<!-- This site is optimized with the Yoast SEO plugin v27.5 - https:\/\/yoast.com\/product\/yoast-seo-wordpress\/ -->\n<title>\u00d6ZGE\u00c7M\u0130\u015e - Ali Erenus<\/title>\n<meta name=\"robots\" content=\"index, follow, max-snippet:-1, max-image-preview:large, max-video-preview:-1\" \/>\n<link rel=\"canonical\" href=\"https:\/\/www.alierenus.com\/alierenus\/ozgecmis\" \/>\n<meta property=\"og:locale\" content=\"en_US\" \/>\n<meta property=\"og:type\" content=\"article\" \/>\n<meta property=\"og:title\" content=\"\u00d6ZGE\u00c7M\u0130\u015e - Ali Erenus\" \/>\n<meta property=\"og:description\" content=\"[vc_row iron_row_type=&#8221;in_container&#8221; iron_remove_padding_medium=&#8221;&#8221; iron_remove_padding_small=&#8221;&#8221; iron_overlay_pattern=&#8221;&#8221; iron_parallax=&#8221;&#8221; iron_bg_video=&#8221;&#8221;][vc_column][vc_message message_box_color=&#8221;grey&#8221; icon_type=&#8221;entypo&#8221; css_animation=&#8221;fadeInDown&#8221; icon_entypo=&#8221;&#8221;] \u00d6ZGE\u00c7M\u0130\u015e [\/vc_message][\/vc_column][\/vc_row][vc_row iron_row_type=&#8221;in_container&#8221; iron_remove_padding_medium=&#8221;&#8221; iron_remove_padding_small=&#8221;&#8221; iron_overlay_pattern=&#8221;&#8221; iron_parallax=&#8221;&#8221; iron_bg_video=&#8221;&#8221;][vc_column][vc_column_text]\u0130stanbul do\u011fumlu Ali Erenus, ortaokul ve lise e\u011fitimini Galatasaray Lisesi\u2019nde tamamlad\u0131. Bu y\u0131llarda \u00e7e\u015fitli gruplarla sahne \u00e7al\u0131\u015fmalar\u0131 yapt\u0131, yar\u0131\u015fmalara kat\u0131ld\u0131 ve \u00f6d\u00fcller ald\u0131. Bilkent M\u00fczik ve Sahne Sanatlar\u0131 Fak\u00fcltesi, Klasik \u015ean B\u00f6l\u00fcm\u00fc\u2019nde ald\u0131\u011f\u0131 e\u011fitimle beraber, m\u00fczikle daha profesyonel anlamda ilgilenmeye ba\u015flad\u0131. Ankara Frans\u0131z K\u00fclt\u00fcr Merkezi\u2019nin organizasyonuyla solo konserler verdi. Kendi kurdu\u011fu, \u201cFat-Boys\u201d grubuyla Ankara\u2019da, \u00e7e\u015fitli \u00fcniversite festivallerine kat\u0131ld\u0131, konserler verdi. 1994 y\u0131l\u0131nda [&hellip;]\" \/>\n<meta property=\"og:url\" content=\"https:\/\/www.alierenus.com\/alierenus\/ozgecmis\" \/>\n<meta property=\"og:site_name\" content=\"Ali Erenus\" \/>\n<meta property=\"article:publisher\" content=\"https:\/\/tr-tr.facebook.com\/AliErenusFan\/\" \/>\n<meta property=\"article:modified_time\" content=\"2025-11-26T14:16:54+00:00\" \/>\n<meta property=\"og:image\" content=\"https:\/\/www.alierenus.com\/alierenus\/wp-content\/uploads\/2020\/12\/Ali_Erenus_876x617.png\" \/>\n\t<meta property=\"og:image:width\" content=\"876\" \/>\n\t<meta property=\"og:image:height\" content=\"617\" \/>\n\t<meta property=\"og:image:type\" content=\"image\/png\" \/>\n<meta name=\"twitter:card\" content=\"summary_large_image\" \/>\n<meta name=\"twitter:site\" content=\"@AliErenus\" \/>\n<meta name=\"twitter:label1\" content=\"Est. reading time\" \/>\n\t<meta name=\"twitter:data1\" content=\"3 minutes\" \/>\n<script type=\"application\/ld+json\" class=\"yoast-schema-graph\">{\"@context\":\"https:\\\/\\\/schema.org\",\"@graph\":[{\"@type\":\"WebPage\",\"@id\":\"https:\\\/\\\/www.alierenus.com\\\/alierenus\\\/ozgecmis\",\"url\":\"https:\\\/\\\/www.alierenus.com\\\/alierenus\\\/ozgecmis\",\"name\":\"\u00d6ZGE\u00c7M\u0130\u015e - Ali Erenus\",\"isPartOf\":{\"@id\":\"https:\\\/\\\/www.alierenus.com\\\/alierenus\\\/#website\"},\"datePublished\":\"2018-10-12T08:27:55+00:00\",\"dateModified\":\"2025-11-26T14:16:54+00:00\",\"breadcrumb\":{\"@id\":\"https:\\\/\\\/www.alierenus.com\\\/alierenus\\\/ozgecmis#breadcrumb\"},\"inLanguage\":\"en-US\",\"potentialAction\":[{\"@type\":\"ReadAction\",\"target\":[\"https:\\\/\\\/www.alierenus.com\\\/alierenus\\\/ozgecmis\"]}]},{\"@type\":\"BreadcrumbList\",\"@id\":\"https:\\\/\\\/www.alierenus.com\\\/alierenus\\\/ozgecmis#breadcrumb\",\"itemListElement\":[{\"@type\":\"ListItem\",\"position\":1,\"name\":\"Home\",\"item\":\"https:\\\/\\\/www.alierenus.com\\\/alierenus\\\/\"},{\"@type\":\"ListItem\",\"position\":2,\"name\":\"\u00d6ZGE\u00c7M\u0130\u015e\"}]},{\"@type\":\"WebSite\",\"@id\":\"https:\\\/\\\/www.alierenus.com\\\/alierenus\\\/#website\",\"url\":\"https:\\\/\\\/www.alierenus.com\\\/alierenus\\\/\",\"name\":\"Ali Erenus\",\"description\":\"M\u00fczisyen\",\"potentialAction\":[{\"@type\":\"SearchAction\",\"target\":{\"@type\":\"EntryPoint\",\"urlTemplate\":\"https:\\\/\\\/www.alierenus.com\\\/alierenus\\\/?s={search_term_string}\"},\"query-input\":{\"@type\":\"PropertyValueSpecification\",\"valueRequired\":true,\"valueName\":\"search_term_string\"}}],\"inLanguage\":\"en-US\"}]}<\/script>\n<!-- \/ Yoast SEO plugin. -->","yoast_head_json":{"title":"\u00d6ZGE\u00c7M\u0130\u015e - Ali Erenus","robots":{"index":"index","follow":"follow","max-snippet":"max-snippet:-1","max-image-preview":"max-image-preview:large","max-video-preview":"max-video-preview:-1"},"canonical":"https:\/\/www.alierenus.com\/alierenus\/ozgecmis","og_locale":"en_US","og_type":"article","og_title":"\u00d6ZGE\u00c7M\u0130\u015e - Ali Erenus","og_description":"[vc_row iron_row_type=&#8221;in_container&#8221; iron_remove_padding_medium=&#8221;&#8221; iron_remove_padding_small=&#8221;&#8221; iron_overlay_pattern=&#8221;&#8221; iron_parallax=&#8221;&#8221; iron_bg_video=&#8221;&#8221;][vc_column][vc_message message_box_color=&#8221;grey&#8221; icon_type=&#8221;entypo&#8221; css_animation=&#8221;fadeInDown&#8221; icon_entypo=&#8221;&#8221;] \u00d6ZGE\u00c7M\u0130\u015e [\/vc_message][\/vc_column][\/vc_row][vc_row iron_row_type=&#8221;in_container&#8221; iron_remove_padding_medium=&#8221;&#8221; iron_remove_padding_small=&#8221;&#8221; iron_overlay_pattern=&#8221;&#8221; iron_parallax=&#8221;&#8221; iron_bg_video=&#8221;&#8221;][vc_column][vc_column_text]\u0130stanbul do\u011fumlu Ali Erenus, ortaokul ve lise e\u011fitimini Galatasaray Lisesi\u2019nde tamamlad\u0131. Bu y\u0131llarda \u00e7e\u015fitli gruplarla sahne \u00e7al\u0131\u015fmalar\u0131 yapt\u0131, yar\u0131\u015fmalara kat\u0131ld\u0131 ve \u00f6d\u00fcller ald\u0131. Bilkent M\u00fczik ve Sahne Sanatlar\u0131 Fak\u00fcltesi, Klasik \u015ean B\u00f6l\u00fcm\u00fc\u2019nde ald\u0131\u011f\u0131 e\u011fitimle beraber, m\u00fczikle daha profesyonel anlamda ilgilenmeye ba\u015flad\u0131. Ankara Frans\u0131z K\u00fclt\u00fcr Merkezi\u2019nin organizasyonuyla solo konserler verdi. Kendi kurdu\u011fu, \u201cFat-Boys\u201d grubuyla Ankara\u2019da, \u00e7e\u015fitli \u00fcniversite festivallerine kat\u0131ld\u0131, konserler verdi. 1994 y\u0131l\u0131nda [&hellip;]","og_url":"https:\/\/www.alierenus.com\/alierenus\/ozgecmis","og_site_name":"Ali Erenus","article_publisher":"https:\/\/tr-tr.facebook.com\/AliErenusFan\/","article_modified_time":"2025-11-26T14:16:54+00:00","og_image":[{"width":876,"height":617,"url":"https:\/\/www.alierenus.com\/alierenus\/wp-content\/uploads\/2020\/12\/Ali_Erenus_876x617.png","type":"image\/png"}],"twitter_card":"summary_large_image","twitter_site":"@AliErenus","twitter_misc":{"Est. reading time":"3 minutes"},"schema":{"@context":"https:\/\/schema.org","@graph":[{"@type":"WebPage","@id":"https:\/\/www.alierenus.com\/alierenus\/ozgecmis","url":"https:\/\/www.alierenus.com\/alierenus\/ozgecmis","name":"\u00d6ZGE\u00c7M\u0130\u015e - Ali Erenus","isPartOf":{"@id":"https:\/\/www.alierenus.com\/alierenus\/#website"},"datePublished":"2018-10-12T08:27:55+00:00","dateModified":"2025-11-26T14:16:54+00:00","breadcrumb":{"@id":"https:\/\/www.alierenus.com\/alierenus\/ozgecmis#breadcrumb"},"inLanguage":"en-US","potentialAction":[{"@type":"ReadAction","target":["https:\/\/www.alierenus.com\/alierenus\/ozgecmis"]}]},{"@type":"BreadcrumbList","@id":"https:\/\/www.alierenus.com\/alierenus\/ozgecmis#breadcrumb","itemListElement":[{"@type":"ListItem","position":1,"name":"Home","item":"https:\/\/www.alierenus.com\/alierenus\/"},{"@type":"ListItem","position":2,"name":"\u00d6ZGE\u00c7M\u0130\u015e"}]},{"@type":"WebSite","@id":"https:\/\/www.alierenus.com\/alierenus\/#website","url":"https:\/\/www.alierenus.com\/alierenus\/","name":"Ali Erenus","description":"M\u00fczisyen","potentialAction":[{"@type":"SearchAction","target":{"@type":"EntryPoint","urlTemplate":"https:\/\/www.alierenus.com\/alierenus\/?s={search_term_string}"},"query-input":{"@type":"PropertyValueSpecification","valueRequired":true,"valueName":"search_term_string"}}],"inLanguage":"en-US"}]}},"_links":{"self":[{"href":"https:\/\/www.alierenus.com\/alierenus\/wp-json\/wp\/v2\/pages\/835","targetHints":{"allow":["GET"]}}],"collection":[{"href":"https:\/\/www.alierenus.com\/alierenus\/wp-json\/wp\/v2\/pages"}],"about":[{"href":"https:\/\/www.alierenus.com\/alierenus\/wp-json\/wp\/v2\/types\/page"}],"author":[{"embeddable":true,"href":"https:\/\/www.alierenus.com\/alierenus\/wp-json\/wp\/v2\/users\/1"}],"replies":[{"embeddable":true,"href":"https:\/\/www.alierenus.com\/alierenus\/wp-json\/wp\/v2\/comments?post=835"}],"version-history":[{"count":15,"href":"https:\/\/www.alierenus.com\/alierenus\/wp-json\/wp\/v2\/pages\/835\/revisions"}],"predecessor-version":[{"id":1191,"href":"https:\/\/www.alierenus.com\/alierenus\/wp-json\/wp\/v2\/pages\/835\/revisions\/1191"}],"wp:attachment":[{"href":"https:\/\/www.alierenus.com\/alierenus\/wp-json\/wp\/v2\/media?parent=835"}],"curies":[{"name":"wp","href":"https:\/\/api.w.org\/{rel}","templated":true}]}}